{"id":124,"date":"2022-05-08T16:11:38","date_gmt":"2022-05-08T16:11:38","guid":{"rendered":"https:\/\/blogs.dickinson.edu\/bosniansincarlisle\/?page_id=124"},"modified":"2022-05-12T16:36:29","modified_gmt":"2022-05-12T16:36:29","slug":"photo-gallery","status":"publish","type":"page","link":"https:\/\/blogs.dickinson.edu\/bosniansincarlisle\/resources\/photo-gallery\/","title":{"rendered":"Photo Gallery"},"content":{"rendered":"<p>This photo gallery is representative of some of the images from the war, war crimes, and genocide in Bosnia and are not intended to be exhaustive. Our hope is that they help to tell the story visually. Because we are conscious of trying to avoid triggering further trauma, we have organized this page in a way that as viewers scroll down there are warnings about the increasingly graphic nature of some of the photographs. For our Bosniak friends and all parents viewing this with their children, please keep this in mind. You may click on the images to enlarge them. The citations of the original photos are the bottom of the page and are used here for <span style=\"text-decoration: underline\">educational purposes only<\/span>.<\/p>\n\n\t\t<style type=\"text\/css\">\n\t\t\t#gallery-1 {\n\t\t\t\tmargin: auto;\n\t\t\t}\n\t\t\t#gallery-1 .gallery-item {\n\t\t\t\tfloat: left;\n\t\t\t\tmargin-top: 10px;\n\t\t\t\ttext-align: center;\n\t\t\t\twidth: 33%;\n\t\t\t}\n\t\t\t#gallery-1 img {\n\t\t\t\tborder: 2px solid #cfcfcf;\n\t\t\t}\n\t\t\t#gallery-1 .gallery-caption {\n\t\t\t\tmargin-left: 0;\n\t\t\t}\n\t\t\t\/* see gallery_shortcode() in wp-includes\/media.php *\/\n\t\t<\/style>\n\t\t<div id='gallery-1' class='gallery galleryid-124 gallery-columns-3 gallery-size-thumbnail'><dl class='gallery-item'>\n\t\t\t<dt class='gallery-icon landscape'>\n\t\t\t\t<a href='https:\/\/blogs.dickinson.edu\/bosniansincarlisle\/resources\/photo-gallery\/map1\/'><img loading=\"lazy\" decoding=\"async\" width=\"150\" height=\"150\" src=\"https:\/\/blogs.dickinson.edu\/bosniansincarlisle\/files\/2022\/05\/Map1-150x150.png\" class=\"attachment-thumbnail size-thumbnail\" alt=\"\" aria-describedby=\"gallery-1-149\" \/><\/a>\n\t\t\t<\/dt>\n\t\t\t\t<dd class='wp-caption-text gallery-caption' id='gallery-1-149'>\n\t\t\t\t<a name=\"caption1\"><\/a>1. Bosnia\u2019s Ethnic Divisions Before Dayton Accords\n\t\t\t\t<\/dd><\/dl><dl class='gallery-item'>\n\t\t\t<dt class='gallery-icon landscape'>\n\t\t\t\t<a href='https:\/\/blogs.dickinson.edu\/bosniansincarlisle\/resources\/photo-gallery\/map2\/'><img loading=\"lazy\" decoding=\"async\" width=\"150\" height=\"150\" src=\"https:\/\/blogs.dickinson.edu\/bosniansincarlisle\/files\/2022\/05\/Map2-150x150.png\" class=\"attachment-thumbnail size-thumbnail\" alt=\"https:\/\/www.rferl.org\/a\/lasting-ethnic-divisions-in-bosnia\/27363192.html\" aria-describedby=\"gallery-1-157\" \/><\/a>\n\t\t\t<\/dt>\n\t\t\t\t<dd class='wp-caption-text gallery-caption' id='gallery-1-157'>\n\t\t\t\t<a name=\"captio29\"><\/a>2. Bosnia\u2019s Ethnic Divisions After Dayton Accords\n\t\t\t\t<\/dd><\/dl><dl class='gallery-item'>\n\t\t\t<dt class='gallery-icon landscape'>\n\t\t\t\t<a href='https:\/\/blogs.dickinson.edu\/bosniansincarlisle\/resources\/photo-gallery\/karadzic\/'><img loading=\"lazy\" decoding=\"async\" width=\"150\" height=\"150\" src=\"https:\/\/blogs.dickinson.edu\/bosniansincarlisle\/files\/2022\/05\/Karadzic-150x150.png\" class=\"attachment-thumbnail size-thumbnail\" alt=\"\" aria-describedby=\"gallery-1-154\" \/><\/a>\n\t\t\t<\/dt>\n\t\t\t\t<dd class='wp-caption-text gallery-caption' id='gallery-1-154'>\n\t\t\t\t<a name=\"caption3\"><\/a>3.Bosnian Serb leader Radovan Karad\u017ei\u0107 on trial for genocide and other crimes\n\t\t\t\t<\/dd><\/dl><br style=\"clear: both\" \/><dl class='gallery-item'>\n\t\t\t<dt class='gallery-icon landscape'>\n\t\t\t\t<a href='https:\/\/blogs.dickinson.edu\/bosniansincarlisle\/resources\/photo-gallery\/mladic\/'><img loading=\"lazy\" decoding=\"async\" width=\"150\" height=\"150\" src=\"https:\/\/blogs.dickinson.edu\/bosniansincarlisle\/files\/2022\/05\/Mladic-150x150.png\" class=\"attachment-thumbnail size-thumbnail\" alt=\"\" aria-describedby=\"gallery-1-158\" \/><\/a>\n\t\t\t<\/dt>\n\t\t\t\t<dd class='wp-caption-text gallery-caption' id='gallery-1-158'>\n\t\t\t\t<a name=\"caption4\"><\/a>4. Leader of Bosnian Serb Army Ratko Mladi\u0107, convicted of genocide\n\t\t\t\t<\/dd><\/dl><dl class='gallery-item'>\n\t\t\t<dt class='gallery-icon landscape'>\n\t\t\t\t<a href='https:\/\/blogs.dickinson.edu\/bosniansincarlisle\/resources\/photo-gallery\/mladic2\/'><img loading=\"lazy\" decoding=\"async\" width=\"150\" height=\"150\" src=\"https:\/\/blogs.dickinson.edu\/bosniansincarlisle\/files\/2022\/05\/Mladic2-150x150.png\" class=\"attachment-thumbnail size-thumbnail\" alt=\"\" aria-describedby=\"gallery-1-159\" \/><\/a>\n\t\t\t<\/dt>\n\t\t\t\t<dd class='wp-caption-text gallery-caption' id='gallery-1-159'>\n\t\t\t\t<a name=\"caption5\"><\/a>5. Mladi\u0107 in Srebrenica on July 12, 1995\n\t\t\t\t<\/dd><\/dl><dl class='gallery-item'>\n\t\t\t<dt class='gallery-icon landscape'>\n\t\t\t\t<a href='https:\/\/blogs.dickinson.edu\/bosniansincarlisle\/resources\/photo-gallery\/karadzic_mladic\/'><img loading=\"lazy\" decoding=\"async\" width=\"150\" height=\"150\" src=\"https:\/\/blogs.dickinson.edu\/bosniansincarlisle\/files\/2022\/05\/Karadzic_Mladic-150x150.png\" class=\"attachment-thumbnail size-thumbnail\" alt=\"\" aria-describedby=\"gallery-1-155\" \/><\/a>\n\t\t\t<\/dt>\n\t\t\t\t<dd class='wp-caption-text gallery-caption' id='gallery-1-155'>\n\t\t\t\t<a name=\"caption6\"><\/a>6. Radovan Karad\u017ei\u0107 and his wartime commander Ratko Mladi\u0107\n\t\t\t\t<\/dd><\/dl><br style=\"clear: both\" \/><dl class='gallery-item'>\n\t\t\t<dt class='gallery-icon landscape'>\n\t\t\t\t<a href='https:\/\/blogs.dickinson.edu\/bosniansincarlisle\/resources\/photo-gallery\/karadzic_mladic2\/'><img loading=\"lazy\" decoding=\"async\" width=\"150\" height=\"150\" src=\"https:\/\/blogs.dickinson.edu\/bosniansincarlisle\/files\/2022\/05\/Karadzic_Mladic2-150x150.png\" class=\"attachment-thumbnail size-thumbnail\" alt=\"\" aria-describedby=\"gallery-1-156\" \/><\/a>\n\t\t\t<\/dt>\n\t\t\t\t<dd class='wp-caption-text gallery-caption' id='gallery-1-156'>\n\t\t\t\t<a name=\"caption7\"><\/a>7. Karad\u017ei\u0107 and Mladi\u0107 speak to reporters on November 4, 1992\n\t\t\t\t<\/dd><\/dl>\n\t\t\t<br style='clear: both' \/>\n\t\t<\/div>\n\n<hr \/>\n<p><!--more--><\/p>\n<p><span style=\"text-decoration: underline\"><strong>After this point, you may see images of war, violence, and bodies which may be difficult to look at for some viewers. Viewer discretion is advised<\/strong>.<\/span><\/p>\n\n\t\t<style type=\"text\/css\">\n\t\t\t#gallery-2 {\n\t\t\t\tmargin: auto;\n\t\t\t}\n\t\t\t#gallery-2 .gallery-item {\n\t\t\t\tfloat: left;\n\t\t\t\tmargin-top: 10px;\n\t\t\t\ttext-align: center;\n\t\t\t\twidth: 33%;\n\t\t\t}\n\t\t\t#gallery-2 img {\n\t\t\t\tborder: 2px solid #cfcfcf;\n\t\t\t}\n\t\t\t#gallery-2 .gallery-caption {\n\t\t\t\tmargin-left: 0;\n\t\t\t}\n\t\t\t\/* see gallery_shortcode() in wp-includes\/media.php *\/\n\t\t<\/style>\n\t\t<div id='gallery-2' class='gallery galleryid-124 gallery-columns-3 gallery-size-thumbnail'><dl class='gallery-item'>\n\t\t\t<dt class='gallery-icon landscape'>\n\t\t\t\t<a href='https:\/\/blogs.dickinson.edu\/bosniansincarlisle\/files\/2022\/05\/UrbanRuins.png'><img loading=\"lazy\" decoding=\"async\" width=\"150\" height=\"150\" src=\"https:\/\/blogs.dickinson.edu\/bosniansincarlisle\/files\/2022\/05\/UrbanRuins-150x150.png\" class=\"attachment-thumbnail size-thumbnail\" alt=\"https:\/\/www.iwm.org.uk\/collections\/item\/object\/205020581\" aria-describedby=\"gallery-2-160\" \/><\/a>\n\t\t\t<\/dt>\n\t\t\t\t<dd class='wp-caption-text gallery-caption' id='gallery-2-160'>\n\t\t\t\t<a name=\"caption8\"><\/a>8. Bosniak father and mourn loss of their home and wife\/mother in June 1992. \n\t\t\t\t<\/dd><\/dl><dl class='gallery-item'>\n\t\t\t<dt class='gallery-icon landscape'>\n\t\t\t\t<a href='https:\/\/blogs.dickinson.edu\/bosniansincarlisle\/files\/2022\/05\/wreckage.png'><img loading=\"lazy\" decoding=\"async\" width=\"150\" height=\"150\" src=\"https:\/\/blogs.dickinson.edu\/bosniansincarlisle\/files\/2022\/05\/wreckage-150x150.png\" class=\"attachment-thumbnail size-thumbnail\" alt=\"\" aria-describedby=\"gallery-2-162\" \/><\/a>\n\t\t\t<\/dt>\n\t\t\t\t<dd class='wp-caption-text gallery-caption' id='gallery-2-162'>\n\t\t\t\t<a name=\"caption9\"><\/a>9. Sarajevo 1993\n\t\t\t\t<\/dd><\/dl><dl class='gallery-item'>\n\t\t\t<dt class='gallery-icon landscape'>\n\t\t\t\t<a href='https:\/\/blogs.dickinson.edu\/bosniansincarlisle\/files\/2022\/05\/Destruction_Brcko.png'><img loading=\"lazy\" decoding=\"async\" width=\"150\" height=\"150\" src=\"https:\/\/blogs.dickinson.edu\/bosniansincarlisle\/files\/2022\/05\/Destruction_Brcko-150x150.png\" class=\"attachment-thumbnail size-thumbnail\" alt=\"\" aria-describedby=\"gallery-2-169\" \/><\/a>\n\t\t\t<\/dt>\n\t\t\t\t<dd class='wp-caption-text gallery-caption' id='gallery-2-169'>\n\t\t\t\t<a name=\"caption10\"><\/a>10. Bosnian Soldier Under Fire\n\t\t\t\t<\/dd><\/dl><br style=\"clear: both\" \/><dl class='gallery-item'>\n\t\t\t<dt class='gallery-icon landscape'>\n\t\t\t\t<a href='https:\/\/blogs.dickinson.edu\/bosniansincarlisle\/files\/2022\/05\/Destruction_Mostar.png'><img loading=\"lazy\" decoding=\"async\" width=\"150\" height=\"150\" src=\"https:\/\/blogs.dickinson.edu\/bosniansincarlisle\/files\/2022\/05\/Destruction_Mostar-150x150.png\" class=\"attachment-thumbnail size-thumbnail\" alt=\"\" aria-describedby=\"gallery-2-170\" \/><\/a>\n\t\t\t<\/dt>\n\t\t\t\t<dd class='wp-caption-text gallery-caption' id='gallery-2-170'>\n\t\t\t\t<a name=\"caption11\"><\/a>11.Refugee in East Mostar \n\t\t\t\t<\/dd><\/dl><dl class='gallery-item'>\n\t\t\t<dt class='gallery-icon landscape'>\n\t\t\t\t<a href='https:\/\/blogs.dickinson.edu\/bosniansincarlisle\/files\/2022\/05\/ApartmentFire2.png'><img loading=\"lazy\" decoding=\"async\" width=\"150\" height=\"150\" src=\"https:\/\/blogs.dickinson.edu\/bosniansincarlisle\/files\/2022\/05\/ApartmentFire2-150x150.png\" class=\"attachment-thumbnail size-thumbnail\" alt=\"\" aria-describedby=\"gallery-2-164\" \/><\/a>\n\t\t\t<\/dt>\n\t\t\t\t<dd class='wp-caption-text gallery-caption' id='gallery-2-164'>\n\t\t\t\t<a name=\"caption12\"><\/a>12. Sarajevo apartment\n\t\t\t\t<\/dd><\/dl><dl class='gallery-item'>\n\t\t\t<dt class='gallery-icon landscape'>\n\t\t\t\t<a href='https:\/\/blogs.dickinson.edu\/bosniansincarlisle\/files\/2022\/05\/ApartmentShelling.png'><img loading=\"lazy\" decoding=\"async\" width=\"150\" height=\"150\" src=\"https:\/\/blogs.dickinson.edu\/bosniansincarlisle\/files\/2022\/05\/ApartmentShelling-150x150.png\" class=\"attachment-thumbnail size-thumbnail\" alt=\"\" aria-describedby=\"gallery-2-165\" \/><\/a>\n\t\t\t<\/dt>\n\t\t\t\t<dd class='wp-caption-text gallery-caption' id='gallery-2-165'>\n\t\t\t\t<a name=\"caption13\"><\/a>13. War damage on apartment building\n\t\t\t\t<\/dd><\/dl><br style=\"clear: both\" \/><dl class='gallery-item'>\n\t\t\t<dt class='gallery-icon landscape'>\n\t\t\t\t<a href='https:\/\/blogs.dickinson.edu\/bosniansincarlisle\/files\/2022\/05\/Soldiers_Sarajevo.png'><img loading=\"lazy\" decoding=\"async\" width=\"150\" height=\"150\" src=\"https:\/\/blogs.dickinson.edu\/bosniansincarlisle\/files\/2022\/05\/Soldiers_Sarajevo-150x150.png\" class=\"attachment-thumbnail size-thumbnail\" alt=\"\" aria-describedby=\"gallery-2-209\" \/><\/a>\n\t\t\t<\/dt>\n\t\t\t\t<dd class='wp-caption-text gallery-caption' id='gallery-2-209'>\n\t\t\t\t<a name=\"caption14\"><\/a>14. Bosnian soldiers on the frontline in Sarajevo \n\t\t\t\t<\/dd><\/dl><dl class='gallery-item'>\n\t\t\t<dt class='gallery-icon landscape'>\n\t\t\t\t<a href='https:\/\/blogs.dickinson.edu\/bosniansincarlisle\/files\/2022\/05\/VillageFire.png'><img loading=\"lazy\" decoding=\"async\" width=\"150\" height=\"150\" src=\"https:\/\/blogs.dickinson.edu\/bosniansincarlisle\/files\/2022\/05\/VillageFire-150x150.png\" class=\"attachment-thumbnail size-thumbnail\" alt=\"\" aria-describedby=\"gallery-2-161\" \/><\/a>\n\t\t\t<\/dt>\n\t\t\t\t<dd class='wp-caption-text gallery-caption' id='gallery-2-161'>\n\t\t\t\t<a name=\"caption15\"><\/a>15. Destruction of Ljuta village\n\t\t\t\t<\/dd><\/dl><dl class='gallery-item'>\n\t\t\t<dt class='gallery-icon landscape'>\n\t\t\t\t<a href='https:\/\/blogs.dickinson.edu\/bosniansincarlisle\/files\/2022\/05\/NeretvaBridge_Mostar.png'><img loading=\"lazy\" decoding=\"async\" width=\"150\" height=\"150\" src=\"https:\/\/blogs.dickinson.edu\/bosniansincarlisle\/files\/2022\/05\/NeretvaBridge_Mostar-150x150.png\" class=\"attachment-thumbnail size-thumbnail\" alt=\"\" aria-describedby=\"gallery-2-178\" \/><\/a>\n\t\t\t<\/dt>\n\t\t\t\t<dd class='wp-caption-text gallery-caption' id='gallery-2-178'>\n\t\t\t\t<a name=\"caption16\"><\/a>16. Muslim section of Mostar, 1994 \n\t\t\t\t<\/dd><\/dl><br style=\"clear: both\" \/><dl class='gallery-item'>\n\t\t\t<dt class='gallery-icon landscape'>\n\t\t\t\t<a href='https:\/\/blogs.dickinson.edu\/bosniansincarlisle\/files\/2022\/05\/MostarFootbridge.png'><img loading=\"lazy\" decoding=\"async\" width=\"150\" height=\"150\" src=\"https:\/\/blogs.dickinson.edu\/bosniansincarlisle\/files\/2022\/05\/MostarFootbridge-150x150.png\" class=\"attachment-thumbnail size-thumbnail\" alt=\"\" aria-describedby=\"gallery-2-177\" \/><\/a>\n\t\t\t<\/dt>\n\t\t\t\t<dd class='wp-caption-text gallery-caption' id='gallery-2-177'>\n\t\t\t\t<a name=\"caption17\"><\/a>17.Bosnaiks crossing temporary bridge at Mostar \n\t\t\t\t<\/dd><\/dl><dl class='gallery-item'>\n\t\t\t<dt class='gallery-icon landscape'>\n\t\t\t\t<a href='https:\/\/blogs.dickinson.edu\/bosniansincarlisle\/files\/2022\/05\/CrossingMitjacka.png'><img loading=\"lazy\" decoding=\"async\" width=\"150\" height=\"150\" src=\"https:\/\/blogs.dickinson.edu\/bosniansincarlisle\/files\/2022\/05\/CrossingMitjacka-150x150.png\" class=\"attachment-thumbnail size-thumbnail\" alt=\"\" aria-describedby=\"gallery-2-197\" \/><\/a>\n\t\t\t<\/dt>\n\t\t\t\t<dd class='wp-caption-text gallery-caption' id='gallery-2-197'>\n\t\t\t\t<a name=\"caption18\"><\/a>18.  Crossing the Mitjacka River in Sarajevo  to get water\n\t\t\t\t<\/dd><\/dl><dl class='gallery-item'>\n\t\t\t<dt class='gallery-icon portrait'>\n\t\t\t\t<a href='https:\/\/blogs.dickinson.edu\/bosniansincarlisle\/files\/2022\/05\/Mostar1994.png'><img loading=\"lazy\" decoding=\"async\" width=\"150\" height=\"150\" src=\"https:\/\/blogs.dickinson.edu\/bosniansincarlisle\/files\/2022\/05\/Mostar1994-150x150.png\" class=\"attachment-thumbnail size-thumbnail\" alt=\"\" aria-describedby=\"gallery-2-176\" \/><\/a>\n\t\t\t<\/dt>\n\t\t\t\t<dd class='wp-caption-text gallery-caption' id='gallery-2-176'>\n\t\t\t\t<a name=\"caption19\"><\/a>19. Mostar 1994\n\t\t\t\t<\/dd><\/dl><br style=\"clear: both\" \/><dl class='gallery-item'>\n\t\t\t<dt class='gallery-icon landscape'>\n\t\t\t\t<a href='https:\/\/blogs.dickinson.edu\/bosniansincarlisle\/files\/2022\/05\/ApartmentFire.png'><img loading=\"lazy\" decoding=\"async\" width=\"150\" height=\"150\" src=\"https:\/\/blogs.dickinson.edu\/bosniansincarlisle\/files\/2022\/05\/ApartmentFire-150x150.png\" class=\"attachment-thumbnail size-thumbnail\" alt=\"\" aria-describedby=\"gallery-2-163\" \/><\/a>\n\t\t\t<\/dt>\n\t\t\t\t<dd class='wp-caption-text gallery-caption' id='gallery-2-163'>\n\t\t\t\t<a name=\"caption20\"><\/a>20. Bosnian Croat Man\n\t\t\t\t<\/dd><\/dl><dl class='gallery-item'>\n\t\t\t<dt class='gallery-icon landscape'>\n\t\t\t\t<a href='https:\/\/blogs.dickinson.edu\/bosniansincarlisle\/files\/2022\/05\/Destruction_Sarajevo.png'><img loading=\"lazy\" decoding=\"async\" width=\"150\" height=\"150\" src=\"https:\/\/blogs.dickinson.edu\/bosniansincarlisle\/files\/2022\/05\/Destruction_Sarajevo-150x150.png\" class=\"attachment-thumbnail size-thumbnail\" alt=\"\" aria-describedby=\"gallery-2-171\" \/><\/a>\n\t\t\t<\/dt>\n\t\t\t\t<dd class='wp-caption-text gallery-caption' id='gallery-2-171'>\n\t\t\t\t<a name=\"caption21\"><\/a>21. Destruction in Sarajevo\n\t\t\t\t<\/dd><\/dl><dl class='gallery-item'>\n\t\t\t<dt class='gallery-icon landscape'>\n\t\t\t\t<a href='https:\/\/blogs.dickinson.edu\/bosniansincarlisle\/files\/2022\/05\/Dobrinja.png'><img loading=\"lazy\" decoding=\"async\" width=\"150\" height=\"150\" src=\"https:\/\/blogs.dickinson.edu\/bosniansincarlisle\/files\/2022\/05\/Dobrinja-150x150.png\" class=\"attachment-thumbnail size-thumbnail\" alt=\"\" aria-describedby=\"gallery-2-172\" \/><\/a>\n\t\t\t<\/dt>\n\t\t\t\t<dd class='wp-caption-text gallery-caption' id='gallery-2-172'>\n\t\t\t\t<a name=\"caption22\"><\/a>22. Bosnian soldier in suburban Sarajevo \n\t\t\t\t<\/dd><\/dl><br style=\"clear: both\" \/><dl class='gallery-item'>\n\t\t\t<dt class='gallery-icon landscape'>\n\t\t\t\t<a href='https:\/\/blogs.dickinson.edu\/bosniansincarlisle\/files\/2022\/05\/Hedgehogs.png'><img loading=\"lazy\" decoding=\"async\" width=\"150\" height=\"150\" src=\"https:\/\/blogs.dickinson.edu\/bosniansincarlisle\/files\/2022\/05\/Hedgehogs-150x150.png\" class=\"attachment-thumbnail size-thumbnail\" alt=\"\" aria-describedby=\"gallery-2-175\" \/><\/a>\n\t\t\t<\/dt>\n\t\t\t\t<dd class='wp-caption-text gallery-caption' id='gallery-2-175'>\n\t\t\t\t<a name=\"caption23\"><\/a>23. UN position in Sarajevo \n\t\t\t\t<\/dd><\/dl><dl class='gallery-item'>\n\t\t\t<dt class='gallery-icon landscape'>\n\t\t\t\t<a href='https:\/\/blogs.dickinson.edu\/bosniansincarlisle\/files\/2022\/05\/Parliament_ThenNow.png'><img loading=\"lazy\" decoding=\"async\" width=\"150\" height=\"150\" src=\"https:\/\/blogs.dickinson.edu\/bosniansincarlisle\/files\/2022\/05\/Parliament_ThenNow-150x150.png\" class=\"attachment-thumbnail size-thumbnail\" alt=\"\" aria-describedby=\"gallery-2-179\" \/><\/a>\n\t\t\t<\/dt>\n\t\t\t\t<dd class='wp-caption-text gallery-caption' id='gallery-2-179'>\n\t\t\t\t<a name=\"caption24\"><\/a>24. Then and Now: Parliament building in Sarajevo\n\t\t\t\t<\/dd><\/dl><dl class='gallery-item'>\n\t\t\t<dt class='gallery-icon portrait'>\n\t\t\t\t<a href='https:\/\/blogs.dickinson.edu\/bosniansincarlisle\/files\/2022\/05\/ParliamentFire.png'><img loading=\"lazy\" decoding=\"async\" width=\"150\" height=\"150\" src=\"https:\/\/blogs.dickinson.edu\/bosniansincarlisle\/files\/2022\/05\/ParliamentFire-150x150.png\" class=\"attachment-thumbnail size-thumbnail\" alt=\"\" aria-describedby=\"gallery-2-180\" \/><\/a>\n\t\t\t<\/dt>\n\t\t\t\t<dd class='wp-caption-text gallery-caption' id='gallery-2-180'>\n\t\t\t\t<a name=\"caption25\"><\/a>25. Bosnian Parliament, September 1992 \n\t\t\t\t<\/dd><\/dl><br style=\"clear: both\" \/><dl class='gallery-item'>\n\t\t\t<dt class='gallery-icon landscape'>\n\t\t\t\t<a href='https:\/\/blogs.dickinson.edu\/bosniansincarlisle\/files\/2022\/05\/Sarajevo_ThenNow.png'><img loading=\"lazy\" decoding=\"async\" width=\"150\" height=\"150\" src=\"https:\/\/blogs.dickinson.edu\/bosniansincarlisle\/files\/2022\/05\/Sarajevo_ThenNow-150x150.png\" class=\"attachment-thumbnail size-thumbnail\" alt=\"\" aria-describedby=\"gallery-2-181\" \/><\/a>\n\t\t\t<\/dt>\n\t\t\t\t<dd class='wp-caption-text gallery-caption' id='gallery-2-181'>\n\t\t\t\t<a name=\"caption26\"><\/a>26. Then and Now: Outside the Sarajevo airport\n\t\t\t\t<\/dd><\/dl><dl class='gallery-item'>\n\t\t\t<dt class='gallery-icon landscape'>\n\t\t\t\t<a href='https:\/\/blogs.dickinson.edu\/bosniansincarlisle\/files\/2022\/05\/Sarajevo_ThenNow2.png'><img loading=\"lazy\" decoding=\"async\" width=\"150\" height=\"150\" src=\"https:\/\/blogs.dickinson.edu\/bosniansincarlisle\/files\/2022\/05\/Sarajevo_ThenNow2-150x150.png\" class=\"attachment-thumbnail size-thumbnail\" alt=\"\" aria-describedby=\"gallery-2-182\" \/><\/a>\n\t\t\t<\/dt>\n\t\t\t\t<dd class='wp-caption-text gallery-caption' id='gallery-2-182'>\n\t\t\t\t<a name=\"caption27\"><\/a>27. Then and Now: Missing building\n\t\t\t\t<\/dd><\/dl><dl class='gallery-item'>\n\t\t\t<dt class='gallery-icon landscape'>\n\t\t\t\t<a href='https:\/\/blogs.dickinson.edu\/bosniansincarlisle\/files\/2022\/05\/SarajevoCemetery.png'><img loading=\"lazy\" decoding=\"async\" width=\"150\" height=\"150\" src=\"https:\/\/blogs.dickinson.edu\/bosniansincarlisle\/files\/2022\/05\/SarajevoCemetery-150x150.png\" class=\"attachment-thumbnail size-thumbnail\" alt=\"\" aria-describedby=\"gallery-2-183\" \/><\/a>\n\t\t\t<\/dt>\n\t\t\t\t<dd class='wp-caption-text gallery-caption' id='gallery-2-183'>\n\t\t\t\t<a name=\"caption28\"><\/a>28. Then and Now: Lion Cemetery\n\t\t\t\t<\/dd><\/dl><br style=\"clear: both\" \/><dl class='gallery-item'>\n\t\t\t<dt class='gallery-icon landscape'>\n\t\t\t\t<a href='https:\/\/blogs.dickinson.edu\/bosniansincarlisle\/files\/2022\/05\/Child.png'><img loading=\"lazy\" decoding=\"async\" width=\"150\" height=\"150\" src=\"https:\/\/blogs.dickinson.edu\/bosniansincarlisle\/files\/2022\/05\/Child-150x150.png\" class=\"attachment-thumbnail size-thumbnail\" alt=\"\" aria-describedby=\"gallery-2-166\" \/><\/a>\n\t\t\t<\/dt>\n\t\t\t\t<dd class='wp-caption-text gallery-caption' id='gallery-2-166'>\n\t\t\t\t<a name=\"caption29\"><\/a>29. Hands of father and son as they say goodbye in Sarajevo\n\t\t\t\t<\/dd><\/dl><dl class='gallery-item'>\n\t\t\t<dt class='gallery-icon landscape'>\n\t\t\t\t<a href='https:\/\/blogs.dickinson.edu\/bosniansincarlisle\/files\/2022\/05\/Child_Art.png'><img loading=\"lazy\" decoding=\"async\" width=\"150\" height=\"150\" src=\"https:\/\/blogs.dickinson.edu\/bosniansincarlisle\/files\/2022\/05\/Child_Art-150x150.png\" class=\"attachment-thumbnail size-thumbnail\" alt=\"\" aria-describedby=\"gallery-2-167\" \/><\/a>\n\t\t\t<\/dt>\n\t\t\t\t<dd class='wp-caption-text gallery-caption' id='gallery-2-167'>\n\t\t\t\t<a name=\"caption30\"><\/a>30. Child in Zagreb refugee camp \n\t\t\t\t<\/dd><\/dl><dl class='gallery-item'>\n\t\t\t<dt class='gallery-icon landscape'>\n\t\t\t\t<a href='https:\/\/blogs.dickinson.edu\/bosniansincarlisle\/files\/2022\/05\/Child_Hedgehog.png'><img loading=\"lazy\" decoding=\"async\" width=\"150\" height=\"150\" src=\"https:\/\/blogs.dickinson.edu\/bosniansincarlisle\/files\/2022\/05\/Child_Hedgehog-150x150.png\" class=\"attachment-thumbnail size-thumbnail\" alt=\"\" aria-describedby=\"gallery-2-193\" \/><\/a>\n\t\t\t<\/dt>\n\t\t\t\t<dd class='wp-caption-text gallery-caption' id='gallery-2-193'>\n\t\t\t\t<a name=\"caption31\"><\/a>31. Girl in Sarajevo playing during a ceasefire, 1993 \n\t\t\t\t<\/dd><\/dl><br style=\"clear: both\" \/><dl class='gallery-item'>\n\t\t\t<dt class='gallery-icon portrait'>\n\t\t\t\t<a href='https:\/\/blogs.dickinson.edu\/bosniansincarlisle\/files\/2022\/05\/ChildWarGames.png'><img loading=\"lazy\" decoding=\"async\" width=\"150\" height=\"150\" src=\"https:\/\/blogs.dickinson.edu\/bosniansincarlisle\/files\/2022\/05\/ChildWarGames-150x150.png\" class=\"attachment-thumbnail size-thumbnail\" alt=\"\" aria-describedby=\"gallery-2-195\" \/><\/a>\n\t\t\t<\/dt>\n\t\t\t\t<dd class='wp-caption-text gallery-caption' id='gallery-2-195'>\n\t\t\t\t<a name=\"caption32\"><\/a>32. Child playing war, Sarajevo 1992\n\t\t\t\t<\/dd><\/dl><dl class='gallery-item'>\n\t\t\t<dt class='gallery-icon landscape'>\n\t\t\t\t<a href='https:\/\/blogs.dickinson.edu\/bosniansincarlisle\/files\/2022\/05\/Child_WarPlay.png'><img loading=\"lazy\" decoding=\"async\" width=\"150\" height=\"150\" src=\"https:\/\/blogs.dickinson.edu\/bosniansincarlisle\/files\/2022\/05\/Child_WarPlay-150x150.png\" class=\"attachment-thumbnail size-thumbnail\" alt=\"\" aria-describedby=\"gallery-2-168\" \/><\/a>\n\t\t\t<\/dt>\n\t\t\t\t<dd class='wp-caption-text gallery-caption' id='gallery-2-168'>\n\t\t\t\t<a name=\"caption33\"><\/a>33. Child playing war, Mostar December 1994 \n\t\t\t\t<\/dd><\/dl><dl class='gallery-item'>\n\t\t\t<dt class='gallery-icon landscape'>\n\t\t\t\t<a href='https:\/\/blogs.dickinson.edu\/bosniansincarlisle\/files\/2022\/05\/EvacuationTruck.png'><img loading=\"lazy\" decoding=\"async\" width=\"150\" height=\"150\" src=\"https:\/\/blogs.dickinson.edu\/bosniansincarlisle\/files\/2022\/05\/EvacuationTruck-150x150.png\" class=\"attachment-thumbnail size-thumbnail\" alt=\"\" aria-describedby=\"gallery-2-173\" \/><\/a>\n\t\t\t<\/dt>\n\t\t\t\t<dd class='wp-caption-text gallery-caption' id='gallery-2-173'>\n\t\t\t\t<a name=\"caption34\"><\/a>34. Evacuees from Srebrenica\n\t\t\t\t<\/dd><\/dl><br style=\"clear: both\" \/><dl class='gallery-item'>\n\t\t\t<dt class='gallery-icon landscape'>\n\t\t\t\t<a href='https:\/\/blogs.dickinson.edu\/bosniansincarlisle\/files\/2022\/05\/BosnianRefugees.png'><img loading=\"lazy\" decoding=\"async\" width=\"150\" height=\"150\" src=\"https:\/\/blogs.dickinson.edu\/bosniansincarlisle\/files\/2022\/05\/BosnianRefugees-150x150.png\" class=\"attachment-thumbnail size-thumbnail\" alt=\"\" aria-describedby=\"gallery-2-214\" \/><\/a>\n\t\t\t<\/dt>\n\t\t\t\t<dd class='wp-caption-text gallery-caption' id='gallery-2-214'>\n\t\t\t\t<a name=\"caption35\"><\/a>35. UN evacuation of Muslim refugees\n\t\t\t\t<\/dd><\/dl><dl class='gallery-item'>\n\t\t\t<dt class='gallery-icon landscape'>\n\t\t\t\t<a href='https:\/\/blogs.dickinson.edu\/bosniansincarlisle\/files\/2022\/05\/EvacuationTruck2.png'><img loading=\"lazy\" decoding=\"async\" width=\"150\" height=\"150\" src=\"https:\/\/blogs.dickinson.edu\/bosniansincarlisle\/files\/2022\/05\/EvacuationTruck2-150x150.png\" class=\"attachment-thumbnail size-thumbnail\" alt=\"\" aria-describedby=\"gallery-2-174\" \/><\/a>\n\t\t\t<\/dt>\n\t\t\t\t<dd class='wp-caption-text gallery-caption' id='gallery-2-174'>\n\t\t\t\t<a name=\"caption36\"><\/a>36. Evacuees from Srebrenica in UN truck \n\t\t\t\t<\/dd><\/dl><dl class='gallery-item'>\n\t\t\t<dt class='gallery-icon landscape'>\n\t\t\t\t<a href='https:\/\/blogs.dickinson.edu\/bosniansincarlisle\/files\/2022\/05\/SniperAlley.png'><img loading=\"lazy\" decoding=\"async\" width=\"150\" height=\"150\" src=\"https:\/\/blogs.dickinson.edu\/bosniansincarlisle\/files\/2022\/05\/SniperAlley-150x150.png\" class=\"attachment-thumbnail size-thumbnail\" alt=\"\" aria-describedby=\"gallery-2-208\" \/><\/a>\n\t\t\t<\/dt>\n\t\t\t\t<dd class='wp-caption-text gallery-caption' id='gallery-2-208'>\n\t\t\t\t<a name=\"caption37\"><\/a>37. Sniper Alley in Sarajevo \n\t\t\t\t<\/dd><\/dl><br style=\"clear: both\" \/><dl class='gallery-item'>\n\t\t\t<dt class='gallery-icon landscape'>\n\t\t\t\t<a href='https:\/\/blogs.dickinson.edu\/bosniansincarlisle\/files\/2022\/05\/Sarajevo_Sniper.png'><img loading=\"lazy\" decoding=\"async\" width=\"150\" height=\"150\" src=\"https:\/\/blogs.dickinson.edu\/bosniansincarlisle\/files\/2022\/05\/Sarajevo_Sniper-150x150.png\" class=\"attachment-thumbnail size-thumbnail\" alt=\"\" aria-describedby=\"gallery-2-204\" \/><\/a>\n\t\t\t<\/dt>\n\t\t\t\t<dd class='wp-caption-text gallery-caption' id='gallery-2-204'>\n\t\t\t\t<a name=\"caption38\"><\/a>38. Bosnian special forces protects civilians from sniper\n\t\t\t\t<\/dd><\/dl><dl class='gallery-item'>\n\t\t\t<dt class='gallery-icon landscape'>\n\t\t\t\t<a href='https:\/\/blogs.dickinson.edu\/bosniansincarlisle\/files\/2022\/05\/CroatPOWs.png'><img loading=\"lazy\" decoding=\"async\" width=\"150\" height=\"150\" src=\"https:\/\/blogs.dickinson.edu\/bosniansincarlisle\/files\/2022\/05\/CroatPOWs-150x150.png\" class=\"attachment-thumbnail size-thumbnail\" alt=\"\" aria-describedby=\"gallery-2-196\" \/><\/a>\n\t\t\t<\/dt>\n\t\t\t\t<dd class='wp-caption-text gallery-caption' id='gallery-2-196'>\n\t\t\t\t<a name=\"caption39\"><\/a>39. Bosnian Croat men surrender to Bosnian Serbs \n\t\t\t\t<\/dd><\/dl><dl class='gallery-item'>\n\t\t\t<dt class='gallery-icon landscape'>\n\t\t\t\t<a href='https:\/\/blogs.dickinson.edu\/bosniansincarlisle\/files\/2022\/05\/TravnikMarket.png'><img loading=\"lazy\" decoding=\"async\" width=\"150\" height=\"150\" src=\"https:\/\/blogs.dickinson.edu\/bosniansincarlisle\/files\/2022\/05\/TravnikMarket-150x150.png\" class=\"attachment-thumbnail size-thumbnail\" alt=\"\" aria-describedby=\"gallery-2-211\" \/><\/a>\n\t\t\t<\/dt>\n\t\t\t\t<dd class='wp-caption-text gallery-caption' id='gallery-2-211'>\n\t\t\t\t<a name=\"caption40\"><\/a>40. British UN forces in Travnik\n\t\t\t\t<\/dd><\/dl><br style=\"clear: both\" \/><dl class='gallery-item'>\n\t\t\t<dt class='gallery-icon landscape'>\n\t\t\t\t<a href='https:\/\/blogs.dickinson.edu\/bosniansincarlisle\/files\/2022\/05\/Looting.png'><img loading=\"lazy\" decoding=\"async\" width=\"150\" height=\"150\" src=\"https:\/\/blogs.dickinson.edu\/bosniansincarlisle\/files\/2022\/05\/Looting-150x150.png\" class=\"attachment-thumbnail size-thumbnail\" alt=\"\" aria-describedby=\"gallery-2-200\" \/><\/a>\n\t\t\t<\/dt>\n\t\t\t\t<dd class='wp-caption-text gallery-caption' id='gallery-2-200'>\n\t\t\t\t<a name=\"caption41\"><\/a>41. Remnants of looting \n\t\t\t\t<\/dd><\/dl><dl class='gallery-item'>\n\t\t\t<dt class='gallery-icon landscape'>\n\t\t\t\t<a href='https:\/\/blogs.dickinson.edu\/bosniansincarlisle\/files\/2022\/05\/ManjacaDetention.png'><img loading=\"lazy\" decoding=\"async\" width=\"150\" height=\"150\" src=\"https:\/\/blogs.dickinson.edu\/bosniansincarlisle\/files\/2022\/05\/ManjacaDetention-150x150.png\" class=\"attachment-thumbnail size-thumbnail\" alt=\"\" aria-describedby=\"gallery-2-201\" \/><\/a>\n\t\t\t<\/dt>\n\t\t\t\t<dd class='wp-caption-text gallery-caption' id='gallery-2-201'>\n\t\t\t\t<a name=\"caption42\"><\/a>42.Bosniak detainees at Serb camp at Manja\u010da \n\t\t\t\t<\/dd><\/dl><dl class='gallery-item'>\n\t\t\t<dt class='gallery-icon landscape'>\n\t\t\t\t<a href='https:\/\/blogs.dickinson.edu\/bosniansincarlisle\/files\/2022\/05\/SerbPrisonCamp.png'><img loading=\"lazy\" decoding=\"async\" width=\"150\" height=\"150\" src=\"https:\/\/blogs.dickinson.edu\/bosniansincarlisle\/files\/2022\/05\/SerbPrisonCamp-150x150.png\" class=\"attachment-thumbnail size-thumbnail\" alt=\"\" aria-describedby=\"gallery-2-207\" \/><\/a>\n\t\t\t<\/dt>\n\t\t\t\t<dd class='wp-caption-text gallery-caption' id='gallery-2-207'>\n\t\t\t\t<a name=\"caption43\"><\/a>43. Starving prisoners in a Serb camp\n\t\t\t\t<\/dd><\/dl><br style=\"clear: both\" \/><dl class='gallery-item'>\n\t\t\t<dt class='gallery-icon landscape'>\n\t\t\t\t<a href='https:\/\/blogs.dickinson.edu\/bosniansincarlisle\/files\/2022\/05\/SerbConcentrationCamp.png'><img loading=\"lazy\" decoding=\"async\" width=\"150\" height=\"150\" src=\"https:\/\/blogs.dickinson.edu\/bosniansincarlisle\/files\/2022\/05\/SerbConcentrationCamp-150x150.png\" class=\"attachment-thumbnail size-thumbnail\" alt=\"\" aria-describedby=\"gallery-2-206\" \/><\/a>\n\t\t\t<\/dt>\n\t\t\t\t<dd class='wp-caption-text gallery-caption' id='gallery-2-206'>\n\t\t\t\t<a name=\"caption44\"><\/a>44. Croatian and Bosnian prisoners at a Serbian concentration camp, 1992\n\t\t\t\t<\/dd><\/dl><dl class='gallery-item'>\n\t\t\t<dt class='gallery-icon landscape'>\n\t\t\t\t<a href='https:\/\/blogs.dickinson.edu\/bosniansincarlisle\/files\/2022\/05\/LionsCemetery1994.png'><img loading=\"lazy\" decoding=\"async\" width=\"150\" height=\"150\" src=\"https:\/\/blogs.dickinson.edu\/bosniansincarlisle\/files\/2022\/05\/LionsCemetery1994-150x150.png\" class=\"attachment-thumbnail size-thumbnail\" alt=\"\" aria-describedby=\"gallery-2-199\" \/><\/a>\n\t\t\t<\/dt>\n\t\t\t\t<dd class='wp-caption-text gallery-caption' id='gallery-2-199'>\n\t\t\t\t<a name=\"caption45\"><\/a>45. Lions Cemetery, Sarajevo 1994 \n\t\t\t\t<\/dd><\/dl><dl class='gallery-item'>\n\t\t\t<dt class='gallery-icon landscape'>\n\t\t\t\t<a href='https:\/\/blogs.dickinson.edu\/bosniansincarlisle\/files\/2022\/05\/MassFuneral.png'><img loading=\"lazy\" decoding=\"async\" width=\"150\" height=\"150\" src=\"https:\/\/blogs.dickinson.edu\/bosniansincarlisle\/files\/2022\/05\/MassFuneral-150x150.png\" class=\"attachment-thumbnail size-thumbnail\" alt=\"\" aria-describedby=\"gallery-2-202\" \/><\/a>\n\t\t\t<\/dt>\n\t\t\t\t<dd class='wp-caption-text gallery-caption' id='gallery-2-202'>\n\t\t\t\t<a name=\"caption46\"><\/a>46. Bosniak mass funeral, 20 July 2011\n\t\t\t\t<\/dd><\/dl><br style=\"clear: both\" \/><dl class='gallery-item'>\n\t\t\t<dt class='gallery-icon landscape'>\n\t\t\t\t<a href='https:\/\/blogs.dickinson.edu\/bosniansincarlisle\/files\/2022\/05\/FuneralAnnouncements.png'><img loading=\"lazy\" decoding=\"async\" width=\"150\" height=\"150\" src=\"https:\/\/blogs.dickinson.edu\/bosniansincarlisle\/files\/2022\/05\/FuneralAnnouncements-150x150.png\" class=\"attachment-thumbnail size-thumbnail\" alt=\"\" aria-describedby=\"gallery-2-198\" \/><\/a>\n\t\t\t<\/dt>\n\t\t\t\t<dd class='wp-caption-text gallery-caption' id='gallery-2-198'>\n\t\t\t\t<a name=\"caption47\"><\/a>47. Man reading funeral announcements in Sarajevo, September 1992 \n\t\t\t\t<\/dd><\/dl><dl class='gallery-item'>\n\t\t\t<dt class='gallery-icon landscape'>\n\t\t\t\t<a href='https:\/\/blogs.dickinson.edu\/bosniansincarlisle\/files\/2022\/05\/MassFuneral_2005.png'><img loading=\"lazy\" decoding=\"async\" width=\"150\" height=\"150\" src=\"https:\/\/blogs.dickinson.edu\/bosniansincarlisle\/files\/2022\/05\/MassFuneral_2005-150x150.png\" class=\"attachment-thumbnail size-thumbnail\" alt=\"\" aria-describedby=\"gallery-2-203\" \/><\/a>\n\t\t\t<\/dt>\n\t\t\t\t<dd class='wp-caption-text gallery-caption' id='gallery-2-203'>\n\t\t\t\t<a name=\"caption48\"><\/a>48. 610 Bosniak coffins at mass burial near Srebrenica, 11 July 2005 \n\t\t\t\t<\/dd><\/dl><dl class='gallery-item'>\n\t\t\t<dt class='gallery-icon landscape'>\n\t\t\t\t<a href='https:\/\/blogs.dickinson.edu\/bosniansincarlisle\/files\/2022\/05\/BosnianRefugeeinZagreb.png'><img loading=\"lazy\" decoding=\"async\" width=\"150\" height=\"150\" src=\"https:\/\/blogs.dickinson.edu\/bosniansincarlisle\/files\/2022\/05\/BosnianRefugeeinZagreb-150x150.png\" class=\"attachment-thumbnail size-thumbnail\" alt=\"\" aria-describedby=\"gallery-2-213\" \/><\/a>\n\t\t\t<\/dt>\n\t\t\t\t<dd class='wp-caption-text gallery-caption' id='gallery-2-213'>\n\t\t\t\t<a name=\"caption49\"><\/a>49. Bosnian weeps after Croat extremists burned down her refugee camp in Zagreb\n\t\t\t\t<\/dd><\/dl><br style=\"clear: both\" \/><dl class='gallery-item'>\n\t\t\t<dt class='gallery-icon landscape'>\n\t\t\t\t<a href='https:\/\/blogs.dickinson.edu\/bosniansincarlisle\/files\/2022\/05\/SoleSurvivor.png'><img loading=\"lazy\" decoding=\"async\" width=\"150\" height=\"150\" src=\"https:\/\/blogs.dickinson.edu\/bosniansincarlisle\/files\/2022\/05\/SoleSurvivor-150x150.png\" class=\"attachment-thumbnail size-thumbnail\" alt=\"\" aria-describedby=\"gallery-2-210\" \/><\/a>\n\t\t\t<\/dt>\n\t\t\t\t<dd class='wp-caption-text gallery-caption' id='gallery-2-210'>\n\t\t\t\t<a name=\"caption50\"><\/a>50. Sole survivor from his village \n\t\t\t\t<\/dd><\/dl><dl class='gallery-item'>\n\t\t\t<dt class='gallery-icon landscape'>\n\t\t\t\t<a href='https:\/\/blogs.dickinson.edu\/bosniansincarlisle\/files\/2022\/05\/BosniakRefugees_Potocari.png'><img loading=\"lazy\" decoding=\"async\" width=\"150\" height=\"150\" src=\"https:\/\/blogs.dickinson.edu\/bosniansincarlisle\/files\/2022\/05\/BosniakRefugees_Potocari-150x150.png\" class=\"attachment-thumbnail size-thumbnail\" alt=\"\" aria-describedby=\"gallery-2-212\" \/><\/a>\n\t\t\t<\/dt>\n\t\t\t\t<dd class='wp-caption-text gallery-caption' id='gallery-2-212'>\n\t\t\t\t<a name=\"caption51\"><\/a>51. Refugees from Srebrenica \n\t\t\t\t<\/dd><\/dl><dl class='gallery-item'>\n\t\t\t<dt class='gallery-icon landscape'>\n\t\t\t\t<a href='https:\/\/blogs.dickinson.edu\/bosniansincarlisle\/files\/2022\/05\/BosnianSniper.png'><img loading=\"lazy\" decoding=\"async\" width=\"150\" height=\"150\" src=\"https:\/\/blogs.dickinson.edu\/bosniansincarlisle\/files\/2022\/05\/BosnianSniper-150x150.png\" class=\"attachment-thumbnail size-thumbnail\" alt=\"\" aria-describedby=\"gallery-2-242\" \/><\/a>\n\t\t\t<\/dt>\n\t\t\t\t<dd class='wp-caption-text gallery-caption' id='gallery-2-242'>\n\t\t\t\t<a name=\"caption52\"><\/a>52. A Bosnian sniper takes aim from the window of a ruined mosque during fighting in Brcko, north-east Bosnia\n\t\t\t\t<\/dd><\/dl><br style=\"clear: both\" \/>\n\t\t<\/div>\n\n<hr \/>\n<p><!--more--><\/p>\n<p><span style=\"text-decoration: underline\"><strong>The following are exceptionally graphic images.<\/strong><\/span><\/p>\n\n\t\t<style type=\"text\/css\">\n\t\t\t#gallery-3 {\n\t\t\t\tmargin: auto;\n\t\t\t}\n\t\t\t#gallery-3 .gallery-item {\n\t\t\t\tfloat: left;\n\t\t\t\tmargin-top: 10px;\n\t\t\t\ttext-align: center;\n\t\t\t\twidth: 33%;\n\t\t\t}\n\t\t\t#gallery-3 img {\n\t\t\t\tborder: 2px solid #cfcfcf;\n\t\t\t}\n\t\t\t#gallery-3 .gallery-caption {\n\t\t\t\tmargin-left: 0;\n\t\t\t}\n\t\t\t\/* see gallery_shortcode() in wp-includes\/media.php *\/\n\t\t<\/style>\n\t\t<div id='gallery-3' class='gallery galleryid-124 gallery-columns-3 gallery-size-thumbnail'><dl class='gallery-item'>\n\t\t\t<dt class='gallery-icon landscape'>\n\t\t\t\t<a href='https:\/\/blogs.dickinson.edu\/bosniansincarlisle\/resources\/photo-gallery\/injuredchild\/'><img loading=\"lazy\" decoding=\"async\" width=\"150\" height=\"150\" src=\"https:\/\/blogs.dickinson.edu\/bosniansincarlisle\/files\/2022\/05\/InjuredChild-150x150.png\" class=\"attachment-thumbnail size-thumbnail\" alt=\"\" aria-describedby=\"gallery-3-223\" \/><\/a>\n\t\t\t<\/dt>\n\t\t\t\t<dd class='wp-caption-text gallery-caption' id='gallery-3-223'>\n\t\t\t\t<a name=\"caption53\"><\/a>53. Boy being treated for starvation and wounds \n\t\t\t\t<\/dd><\/dl><dl class='gallery-item'>\n\t\t\t<dt class='gallery-icon landscape'>\n\t\t\t\t<a href='https:\/\/blogs.dickinson.edu\/bosniansincarlisle\/resources\/photo-gallery\/unoffice\/'><img loading=\"lazy\" decoding=\"async\" width=\"150\" height=\"150\" src=\"https:\/\/blogs.dickinson.edu\/bosniansincarlisle\/files\/2022\/05\/UNOffice-150x150.png\" class=\"attachment-thumbnail size-thumbnail\" alt=\"\" aria-describedby=\"gallery-3-228\" \/><\/a>\n\t\t\t<\/dt>\n\t\t\t\t<dd class='wp-caption-text gallery-caption' id='gallery-3-228'>\n\t\t\t\t<a name=\"caption54\"><\/a>54. Outside the UN office where children were killed while playing \n\t\t\t\t<\/dd><\/dl><dl class='gallery-item'>\n\t\t\t<dt class='gallery-icon landscape'>\n\t\t\t\t<a href='https:\/\/blogs.dickinson.edu\/bosniansincarlisle\/resources\/photo-gallery\/markalemarket\/'><img loading=\"lazy\" decoding=\"async\" width=\"150\" height=\"150\" src=\"https:\/\/blogs.dickinson.edu\/bosniansincarlisle\/files\/2022\/05\/MarkaleMarket-150x150.png\" class=\"attachment-thumbnail size-thumbnail\" alt=\"\" aria-describedby=\"gallery-3-227\" \/><\/a>\n\t\t\t<\/dt>\n\t\t\t\t<dd class='wp-caption-text gallery-caption' id='gallery-3-227'>\n\t\t\t\t<a name=\"caption55\"><\/a>55. Bodies of the dead after Serb shelling of Markale market, February 1994, Sarajevo \n\t\t\t\t<\/dd><\/dl><br style=\"clear: both\" \/><dl class='gallery-item'>\n\t\t\t<dt class='gallery-icon landscape'>\n\t\t\t\t<a href='https:\/\/blogs.dickinson.edu\/bosniansincarlisle\/resources\/photo-gallery\/elderlybosniaks\/'><img loading=\"lazy\" decoding=\"async\" width=\"150\" height=\"150\" src=\"https:\/\/blogs.dickinson.edu\/bosniansincarlisle\/files\/2022\/05\/ElderlyBosniaks-150x150.png\" class=\"attachment-thumbnail size-thumbnail\" alt=\"\" aria-describedby=\"gallery-3-226\" \/><\/a>\n\t\t\t<\/dt>\n\t\t\t\t<dd class='wp-caption-text gallery-caption' id='gallery-3-226'>\n\t\t\t\t<a name=\"caption56\"><\/a>56. Elderly couple being treated for injuries, July 1995 \n\t\t\t\t<\/dd><\/dl><dl class='gallery-item'>\n\t\t\t<dt class='gallery-icon landscape'>\n\t\t\t\t<a href='https:\/\/blogs.dickinson.edu\/bosniansincarlisle\/resources\/photo-gallery\/arkanstigers\/'><img loading=\"lazy\" decoding=\"async\" width=\"150\" height=\"150\" src=\"https:\/\/blogs.dickinson.edu\/bosniansincarlisle\/files\/2022\/05\/ArkansTigers-150x150.png\" class=\"attachment-thumbnail size-thumbnail\" alt=\"\" aria-describedby=\"gallery-3-224\" \/><\/a>\n\t\t\t<\/dt>\n\t\t\t\t<dd class='wp-caption-text gallery-caption' id='gallery-3-224'>\n\t\t\t\t<a name=\"caption57\"><\/a>57.  Serb from Arkan&#8217;s Tigers kicking corpses, 1992\n\t\t\t\t<\/dd><\/dl><dl class='gallery-item'>\n\t\t\t<dt class='gallery-icon landscape'>\n\t\t\t\t<a href='https:\/\/blogs.dickinson.edu\/bosniansincarlisle\/resources\/photo-gallery\/remains_sanskimost\/'><img loading=\"lazy\" decoding=\"async\" width=\"150\" height=\"150\" src=\"https:\/\/blogs.dickinson.edu\/bosniansincarlisle\/files\/2022\/05\/Remains_SanskiMost-150x150.png\" class=\"attachment-thumbnail size-thumbnail\" alt=\"\" aria-describedby=\"gallery-3-219\" \/><\/a>\n\t\t\t<\/dt>\n\t\t\t\t<dd class='wp-caption-text gallery-caption' id='gallery-3-219'>\n\t\t\t\t<a name=\"caption58\"><\/a>58. Identification of 240 Bosniaks at Sanski Most village \n\t\t\t\t<\/dd><\/dl><br style=\"clear: both\" \/><dl class='gallery-item'>\n\t\t\t<dt class='gallery-icon landscape'>\n\t\t\t\t<a href='https:\/\/blogs.dickinson.edu\/bosniansincarlisle\/resources\/photo-gallery\/remains\/'><img loading=\"lazy\" decoding=\"async\" width=\"150\" height=\"150\" src=\"https:\/\/blogs.dickinson.edu\/bosniansincarlisle\/files\/2022\/05\/Remains-150x150.png\" class=\"attachment-thumbnail size-thumbnail\" alt=\"\" aria-describedby=\"gallery-3-220\" \/><\/a>\n\t\t\t<\/dt>\n\t\t\t\t<dd class='wp-caption-text gallery-caption' id='gallery-3-220'>\n\t\t\t\t<a name=\"caption59\"><\/a>59. Items recovered from a warehouse detention site \n\t\t\t\t<\/dd><\/dl><dl class='gallery-item'>\n\t\t\t<dt class='gallery-icon landscape'>\n\t\t\t\t<a href='https:\/\/blogs.dickinson.edu\/bosniansincarlisle\/resources\/photo-gallery\/forensics_kamenica\/'><img loading=\"lazy\" decoding=\"async\" width=\"150\" height=\"150\" src=\"https:\/\/blogs.dickinson.edu\/bosniansincarlisle\/files\/2022\/05\/Forensics_Kamenica-150x150.png\" class=\"attachment-thumbnail size-thumbnail\" alt=\"\" aria-describedby=\"gallery-3-225\" \/><\/a>\n\t\t\t<\/dt>\n\t\t\t\t<dd class='wp-caption-text gallery-caption' id='gallery-3-225'>\n\t\t\t\t<a name=\"caption60\"><\/a>60. Forensic expert at mass grave near Kamenica \n\t\t\t\t<\/dd><\/dl><dl class='gallery-item'>\n\t\t\t<dt class='gallery-icon landscape'>\n\t\t\t\t<a href='https:\/\/blogs.dickinson.edu\/bosniansincarlisle\/resources\/photo-gallery\/massgrave\/'><img loading=\"lazy\" decoding=\"async\" width=\"150\" height=\"150\" src=\"https:\/\/blogs.dickinson.edu\/bosniansincarlisle\/files\/2022\/05\/MassGrave-150x150.png\" class=\"attachment-thumbnail size-thumbnail\" alt=\"\" aria-describedby=\"gallery-3-222\" \/><\/a>\n\t\t\t<\/dt>\n\t\t\t\t<dd class='wp-caption-text gallery-caption' id='gallery-3-222'>\n\t\t\t\t<a name=\"caption61\"><\/a>61. Mass grave of Bosniak men and boys\n\t\t\t\t<\/dd><\/dl><br style=\"clear: both\" \/><dl class='gallery-item'>\n\t\t\t<dt class='gallery-icon landscape'>\n\t\t\t\t<a href='https:\/\/blogs.dickinson.edu\/bosniansincarlisle\/resources\/photo-gallery\/massgrave_srebrenica\/'><img loading=\"lazy\" decoding=\"async\" width=\"150\" height=\"150\" src=\"https:\/\/blogs.dickinson.edu\/bosniansincarlisle\/files\/2022\/05\/MassGrave_Srebrenica-150x150.png\" class=\"attachment-thumbnail size-thumbnail\" alt=\"\" aria-describedby=\"gallery-3-217\" \/><\/a>\n\t\t\t<\/dt>\n\t\t\t\t<dd class='wp-caption-text gallery-caption' id='gallery-3-217'>\n\t\t\t\t<a name=\"caption62\"><\/a>62. Forensic expert at a mass grave near Srebrenica, 1996 \n\t\t\t\t<\/dd><\/dl><dl class='gallery-item'>\n\t\t\t<dt class='gallery-icon landscape'>\n\t\t\t\t<a href='https:\/\/blogs.dickinson.edu\/bosniansincarlisle\/resources\/photo-gallery\/humanremains_tuzla\/'><img loading=\"lazy\" decoding=\"async\" width=\"150\" height=\"150\" src=\"https:\/\/blogs.dickinson.edu\/bosniansincarlisle\/files\/2022\/05\/HumanRemains_Tuzla-150x150.png\" class=\"attachment-thumbnail size-thumbnail\" alt=\"\" aria-describedby=\"gallery-3-221\" \/><\/a>\n\t\t\t<\/dt>\n\t\t\t\t<dd class='wp-caption-text gallery-caption' id='gallery-3-221'>\n\t\t\t\t<a name=\"caption63\"><\/a>63. Unidentified victims of genocide near the Tuzla morgue, March 1997 \n\t\t\t\t<\/dd><\/dl><dl class='gallery-item'>\n\t\t\t<dt class='gallery-icon landscape'>\n\t\t\t\t<a href='https:\/\/blogs.dickinson.edu\/bosniansincarlisle\/resources\/photo-gallery\/massgrave_pilice\/'><img loading=\"lazy\" decoding=\"async\" width=\"150\" height=\"150\" src=\"https:\/\/blogs.dickinson.edu\/bosniansincarlisle\/files\/2022\/05\/MassGrave_Pilice-150x150.png\" class=\"attachment-thumbnail size-thumbnail\" alt=\"\" aria-describedby=\"gallery-3-218\" \/><\/a>\n\t\t\t<\/dt>\n\t\t\t\t<dd class='wp-caption-text gallery-caption' id='gallery-3-218'>\n\t\t\t\t<a name=\"caption64\"><\/a>64. Grave at Pilice collective farm near Srebrenica, 1996\n\t\t\t\t<\/dd><\/dl><br style=\"clear: both\" \/>\n\t\t<\/div>\n\n<hr \/>\n<p><a name=\"Two Bosniak Men\"><\/a>1. \u201cBosnia\u2019s Ethnic Divisions, Before and After Dayton Accords\u201d, RadioFreeEurope\/RadioLiberty, created November 13, 2015, <a href=\"https:\/\/www.rferl.org\/a\/lasting-ethnic-divisions-in-bosnia\/27363192.html\">https:\/\/www.rferl.org\/a\/lasting-ethnic-divisions-in-bosnia\/27363192.html<\/a><\/p>\n<p>2. \u201cBosnia\u2019s Ethnic Divisions, Before and After Dayton Accords\u201d, RadioFreeEurope\/RadioLiberty, created November 13, 2015, <a href=\"https:\/\/www.rferl.org\/a\/lasting-ethnic-divisions-in-bosnia\/27363192.html\">https:\/\/www.rferl.org\/a\/lasting-ethnic-divisions-in-bosnia\/27363192.html<\/a><\/p>\n<p>3. Robin van Lonkhuijsen (photographer), \u201cRadovan Karad\u017ei\u0107\u201d, Pool\/AP Images, Britannica, <a href=\"https:\/\/www.britannica.com\/event\/Bosnian-War\/War-crimes-and-trials\">https:\/\/www.britannica.com\/event\/Bosnian-War\/War-crimes-and-trials<\/a><\/p>\n<p>4. \u201cRatko Mladi\u0107\u201d, photograph, Northfoto\/Shutterstock.com, Britannica, <a href=\"https:\/\/www.britannica.com\/event\/Bosnian-War\/War-crimes-and-trials\">https:\/\/www.britannica.com\/event\/Bosnian-War\/War-crimes-and-trials<\/a><\/p>\n<p>5. Art ZAMUR\/Gamma-Rapho, \u201cGeneral Ratko Mladi\u0107\u201d, Getty Images, The Guardian, <a href=\"https:\/\/www.theguardian.com\/world\/2021\/jun\/13\/how-the-hanging-woman-revealed-truth-of-bosnias-mass-killer\">https:\/\/www.theguardian.com\/world\/2021\/jun\/13\/how-the-hanging-woman-revealed-truth-of-bosnias-mass-killer<\/a><\/p>\n<p>6. \u201cPoll: Most Serbs Support General Accused Of War Crimes\u201d, RadioFreeEurope\/RadioLiberty, created May 16, 2011, <a href=\"https:\/\/www.rferl.org\/a\/poll_says_most_serbs_support_general_accused_of_war_crimes\/24176617.html\">https:\/\/www.rferl.org\/a\/poll_says_most_serbs_support_general_accused_of_war_crimes\/24176617.html<\/a><\/p>\n<p>7. \u201c20 Years Since The Bosnian War\u201d, The Atlantic, created April 13, 2012, <a href=\"https:\/\/www.theatlantic.com\/photo\/2012\/04\/20-years-since-the-bosnian-war\/100278\/\">https:\/\/www.theatlantic.com\/photo\/2012\/04\/20-years-since-the-bosnian-war\/100278\/<\/a><\/p>\n<p>8. Kevin Weaver (photographer), HU 75044, Imperial War Museum. <a href=\"https:\/\/www.iwm.org.uk\/collections\/item\/object\/205020581\">https:\/\/www.iwm.org.uk\/collections\/item\/object\/205020581<\/a><\/p>\n<p>9. Gilles Peress, \u201cBOSNIA. Sarajevo. 1993.\u201d, Library Artstor, https:\/\/library.artstor.org\/asset\/AMAGNUMIG_10311561414<\/p>\n<p>10. Kevin Weaver (photographer), 1993, HU 75052, Imperial War Museum. <a href=\"https:\/\/www.iwm.org.uk\/collections\/item\/object\/205020580\">https:\/\/www.iwm.org.uk\/collections\/item\/object\/205020580<\/a><\/p>\n<p>11.\u00a0 Kevin Weaver (photographer), 1996, HU 75050, Imperial War Museum. <a href=\"https:\/\/www.iwm.org.uk\/collections\/item\/object\/205020575\">https:\/\/www.iwm.org.uk\/collections\/item\/object\/205020575<\/a><\/p>\n<p>12. Gilles Peress, \u201cBOSNIA. Sarajevo. BOSNIA. Llidja. 1996.\u201d, Library Artstor, https:\/\/library.artstor.org\/asset\/AMAGNUMIG_10311537698<\/p>\n<p>13. Sam Bedford (photographer), \u201cApartment Blocks\u201d, The Culture Trip, November 28, 2017, <a href=\"https:\/\/theculturetrip.com\/europe\/bosnia-herzegovina\/articles\/after-the-war-bosnia-then-and-now\/\">https:\/\/theculturetrip.com\/europe\/bosnia-herzegovina\/articles\/after-the-war-bosnia-then-and-now\/<\/a><\/p>\n<p>14. Ron Haviv (photographer), \u201cVII\u201d, Vice, https:\/\/www.vice.com\/en\/article\/nn953m\/photos-of-the-bosnia-war<\/p>\n<p>15. \u201c20 Years Since The Bosnian War\u201d, The Atlantic, created April 13, 2012, <a href=\"https:\/\/www.theatlantic.com\/photo\/2012\/04\/20-years-since-the-bosnian-war\/100278\/\">https:\/\/www.theatlantic.com\/photo\/2012\/04\/20-years-since-the-bosnian-war\/100278\/<\/a><\/p>\n<p>16.\u00a0 Josef Koudelka (photographer), \u201cBOSNIA-HERZEGOVINA. 1994.\u201d, Library Artstor, https:\/\/library.artstor.org\/asset\/AMAGNUMIG_10311568178<\/p>\n<p>17. Kevin Weaver (photographer), HU 75050, Imperial War Museum. <a href=\"https:\/\/www.iwm.org.uk\/collections\/item\/object\/205020581\">https:\/\/www.iwm.org.uk\/collections\/item\/object\/205020581<\/a>. This sixteenth-century bridge was destroyed in 1994.<\/p>\n<p>18.\u00a0 Gilles Peress (photographer), 1993, BOSNIA. Sarajevo, https:\/\/library.artstor.org\/asset\/AMAGNUMIG_10311522773<\/p>\n<p>19. Josef Koudelka (photographer), \u201cBOSNIA-HERZEGOVINA. 1994.\u201d, Library Artstor, https:\/\/library.artstor.org\/asset\/AMAGNUMIG_10311565778<\/p>\n<p>20. Northfoto\/Shutterstock, \u201cBosnian Croat Man\u201d, The Culture Trip, November 28, 2017, <a href=\"https:\/\/theculturetrip.com\/europe\/bosnia-herzegovina\/articles\/after-the-war-bosnia-then-and-now\/\">https:\/\/theculturetrip.com\/europe\/bosnia-herzegovina\/articles\/after-the-war-bosnia-then-and-now\/<\/a><\/p>\n<p>21. Lt. Stacey Wyzkowski\/U.S. Department of Defense (photographer), \u201cBosnian conflict: destruction in Sarajevo\u201d, Britannica, <a href=\"https:\/\/www.britannica.com\/event\/Bosnian-War#\/media\/1\/1365562\/145104\">https:\/\/www.britannica.com\/event\/Bosnian-War#\/media\/1\/1365562\/145104<\/a><\/p>\n<p>22. Kevin Weaver (photographer), BOS 204, Imperial War Museum. <a href=\"https:\/\/www.iwm.org.uk\/collections\/item\/object\/205020544\">https:\/\/www.iwm.org.uk\/collections\/item\/object\/205020544<\/a><\/p>\n<p>23. Vladimir Velengurin (photographer), no title, Meduza, December 14 2020, <a href=\"https:\/\/meduza.io\/en\/feature\/2020\/12\/14\/the-bosnian-war-in-photos\">https:\/\/meduza.io\/en\/feature\/2020\/12\/14\/the-bosnian-war-in-photos<\/a><\/p>\n<p>24.\u00a0 Robertson, \u201cSarajevo: Then and now\u201d, CNN, <a href=\"https:\/\/www.cnn.com\/2015\/06\/05\/europe\/gallery\/sarajevo-then-and-now\/index.html\">https:\/\/www.cnn.com\/2015\/06\/05\/europe\/gallery\/sarajevo-then-and-now\/index.html<\/a><\/p>\n<p>25. Mikhail Evstafiev (photographer), no title, Meduza, December 14 2020, <a href=\"https:\/\/meduza.io\/en\/feature\/2020\/12\/14\/the-bosnian-war-in-photos\">https:\/\/meduza.io\/en\/feature\/2020\/12\/14\/the-bosnian-war-in-photos<\/a><\/p>\n<p>26. Robertson, \u201cSarajevo: Then and now\u201d, CNN, <a href=\"https:\/\/www.cnn.com\/2015\/06\/05\/europe\/gallery\/sarajevo-then-and-now\/index.html\">https:\/\/www.cnn.com\/2015\/06\/05\/europe\/gallery\/sarajevo-then-and-now\/index.html<\/a><\/p>\n<p>27. Robertson, \u201cSarajevo: Then and now\u201d, CNN, <a href=\"https:\/\/www.cnn.com\/2015\/06\/05\/europe\/gallery\/sarajevo-then-and-now\/index.html\">https:\/\/www.cnn.com\/2015\/06\/05\/europe\/gallery\/sarajevo-then-and-now\/index.html<\/a><\/p>\n<p>28. Robertson, \u201cSarajevo: Then and now\u201d, CNN, <a href=\"https:\/\/www.cnn.com\/2015\/06\/05\/europe\/gallery\/sarajevo-then-and-now\/index.html\">https:\/\/www.cnn.com\/2015\/06\/05\/europe\/gallery\/sarajevo-then-and-now\/index.html<\/a><\/p>\n<p>29. Laurent Rebours (photographer), no title, The Atlantic, April 13, 2012, <a href=\"https:\/\/www.theatlantic.com\/photo\/2012\/04\/20-years-since-the-bosnian-war\/100278\/\">https:\/\/www.theatlantic.com\/photo\/2012\/04\/20-years-since-the-bosnian-war\/100278\/<\/a><\/p>\n<p>30. Kevin Weaver (photographer), no title, Meduza, December 14 2020, <a href=\"https:\/\/meduza.io\/en\/feature\/2020\/12\/14\/the-bosnian-war-in-photos\">https:\/\/meduza.io\/en\/feature\/2020\/12\/14\/the-bosnian-war-in-photos<\/a><\/p>\n<p>31. Paul Lowe (photographer), 1993, \u201cA young girl plays with a ball in the street alongside the River Miljacka in a ceasefire during the siege on Sarajevo by Serb troops\u201d, https:\/\/library.artstor.org\/asset\/APANOSIG_10313581963<\/p>\n<p>32. Paul Lowe (photographer), 1992, \u201cThe siege of Sarajevo. Child playing war games,\u201d https:\/\/library.artstor.org\/asset\/APANOSIG_10313581686<\/p>\n<p>33. No title, Meduza, December 14 2020, <a href=\"https:\/\/meduza.io\/en\/feature\/2020\/12\/14\/the-bosnian-war-in-photos\">https:\/\/meduza.io\/en\/feature\/2020\/12\/14\/the-bosnian-war-in-photos<\/a><\/p>\n<p>34. Michel Euler, \u201cIn Pictures: 25 years since Srebrenica genocide\u201d, July 11, 2020, <a href=\"https:\/\/www.aljazeera.com\/gallery\/2020\/7\/11\/in-pictures-25-years-since-srebrenica-genocide\">https:\/\/www.aljazeera.com\/gallery\/2020\/7\/11\/in-pictures-25-years-since-srebrenica-genocide<\/a><\/p>\n<p>35. Getty Images, \u201cBosnia&#8217;s Srebrenica massacre 25 years on &#8211; in pictures\u201d, BBC News. <a href=\"https:\/\/www.bbc.com\/news\/world-europe-53346759\">https:\/\/www.bbc.com\/news\/world-europe-53346759<\/a><\/p>\n<p>36. Michel Euler, \u201cScenes from Hell\u201d, 1993, AP Photo https:\/\/apnews.com\/article\/massacres-ap-top-news-international-news-europe-photography-ec01765d17e8c27ead9c3f3ea6e6ca36<\/p>\n<p>37. Michael Stravato (photographer), no title, The Atlantic, April 13, 2012, <a href=\"https:\/\/www.theatlantic.com\/photo\/2012\/04\/20-years-since-the-bosnian-war\/100278\/\">https:\/\/www.theatlantic.com\/photo\/2012\/04\/20-years-since-the-bosnian-war\/100278\/<\/a><\/p>\n<p>38. Mike Persson (photographer), no title, The Atlantic, April 13, 2012, <a href=\"https:\/\/www.theatlantic.com\/photo\/2012\/04\/20-years-since-the-bosnian-war\/100278\/\">https:\/\/www.theatlantic.com\/photo\/2012\/04\/20-years-since-the-bosnian-war\/100278\/<\/a><\/p>\n<p>39. Ranko Cukovic (photographer), no title, The Atlantic, April 13, 2012, <a href=\"https:\/\/www.theatlantic.com\/photo\/2012\/04\/20-years-since-the-bosnian-war\/100278\/\">https:\/\/www.theatlantic.com\/photo\/2012\/04\/20-years-since-the-bosnian-war\/100278\/<\/a><\/p>\n<p>40. British Army official photographer, BOS 32, Imperial War Museum. <a href=\"https:\/\/www.iwm.org.uk\/collections\/item\/object\/205190359\">https:\/\/www.iwm.org.uk\/collections\/item\/object\/205190359<\/a><\/p>\n<p>41. Gilles Peress (photographer), 1993, \u201cLooting..\u201d, https:\/\/library.artstor.org\/asset\/AMAGNUMIG_10311567913<\/p>\n<p>42. \u201cBosnian conflict: detention camp,\u201d Encyclop\u00e6dia Britannica, <a href=\"https:\/\/www.britannica.com\/event\/Bosnian-War#\/media\/1\/1365562\/145102\">https:\/\/www.britannica.com\/event\/Bosnian-War#\/media\/1\/1365562\/145102<\/a><\/p>\n<p>43. Andre Durand (photographer), no title, The Atlantic, April 13, 2012, <a href=\"https:\/\/www.theatlantic.com\/photo\/2012\/04\/20-years-since-the-bosnian-war\/100278\/\">https:\/\/www.theatlantic.com\/photo\/2012\/04\/20-years-since-the-bosnian-war\/100278\/<\/a><\/p>\n<p>44. Sovfoto, no title, Meduza, December 14, 2020, <a href=\"https:\/\/meduza.io\/en\/feature\/2020\/12\/14\/the-bosnian-war-in-photos\">https:\/\/meduza.io\/en\/feature\/2020\/12\/14\/the-bosnian-war-in-photos<\/a><\/p>\n<p>45. Kevin Weaver (photographer), 1994, BOS 243, Imperial War Museum. <a href=\"https:\/\/www.iwm.org.uk\/collections\/item\/object\/205020563\">https:\/\/www.iwm.org.uk\/collections\/item\/object\/205020563<\/a><\/p>\n<p>46. Dado Ruvic (photographer), no title, The Atlantic, April 13, 2012, <a href=\"https:\/\/www.theatlantic.com\/photo\/2012\/04\/20-years-since-the-bosnian-war\/100278\/\">https:\/\/www.theatlantic.com\/photo\/2012\/04\/20-years-since-the-bosnian-war\/100278\/<\/a><\/p>\n<p>47. Francoise De Mulder (photographer), no title, Meduza, December 14 2020, <a href=\"https:\/\/meduza.io\/en\/feature\/2020\/12\/14\/the-bosnian-war-in-photos\">https:\/\/meduza.io\/en\/feature\/2020\/12\/14\/the-bosnian-war-in-photos<\/a><\/p>\n<p>48. Joe Klamar, \u201cIn Pictures: 25 Years since Srebrenica\u201d, <a href=\"https:\/\/www.aljazeera.com\/gallery\/2020\/7\/11\/in-pictures-25-years-since-srebrenica-genocide\">https:\/\/www.aljazeera.com\/gallery\/2020\/7\/11\/in-pictures-25-years-since-srebrenica-genocide<\/a><\/p>\n<p>49. Kevin Weaver (photographer), 1993, HU 75053, Imperial War Museum. <a href=\"https:\/\/www.iwm.org.uk\/collections\/item\/object\/205020579\">https:\/\/www.iwm.org.uk\/collections\/item\/object\/205020579<\/a><\/p>\n<p>50. Ron Haviv (photographer), 1995, \u201cVII\u201d, Vice, <a href=\"https:\/\/www.vice.com\/en\/article\/nn953m\/photos-of-the-bosnia-war\">https:\/\/www.vice.com\/en\/article\/nn953m\/photos-of-the-bosnia-war<\/a><\/p>\n<p>51. Reuters, \u201cIn Pictures: 25 Years since Srebrenica\u201d, <a href=\"https:\/\/www.aljazeera.com\/gallery\/2020\/7\/11\/in-pictures-25-years-since-srebrenica-genocide\">https:\/\/www.aljazeera.com\/gallery\/2020\/7\/11\/in-pictures-25-years-since-srebrenica-genocide<\/a><\/p>\n<p>52. Kevin Weaver (photographer), 1993, BOS 239, Imperial War Museum. <a href=\"https:\/\/www.iwm.org.uk\/collections\/item\/object\/205020545\">https:\/\/www.iwm.org.uk\/collections\/item\/object\/205020545<\/a><\/p>\n<p>53. \u201cBosnia&#8217;s Srebrenica Massacre 25 years On &#8211; In Pictures\u201d, <a href=\"https:\/\/www.bbc.com\/news\/world-europe-53346759\">https:\/\/www.bbc.com\/news\/world-europe-53346759<\/a><\/p>\n<p>54. Robertson, \u201cSarajevo: Then and now\u201d, CNN, <a href=\"https:\/\/www.cnn.com\/2015\/06\/05\/europe\/gallery\/sarajevo-then-and-now\/index.html\">https:\/\/www.cnn.com\/2015\/06\/05\/europe\/gallery\/sarajevo-then-and-now\/index.html<\/a><\/p>\n<p>55. Laurent Rebours (photographer), no title, Meduza, <a href=\"https:\/\/meduza.io\/en\/feature\/2020\/12\/14\/the-bosnian-war-in-photos\">https:\/\/meduza.io\/en\/feature\/2020\/12\/14\/the-bosnian-war-in-photos<\/a><\/p>\n<p>56. Odd Andersen (photographer), \u201cIn Pictures: 25 Years since Srebrenica\u201d, <a href=\"https:\/\/www.aljazeera.com\/gallery\/2020\/7\/11\/in-pictures-25-years-since-srebrenica-genocide\">https:\/\/www.aljazeera.com\/gallery\/2020\/7\/11\/in-pictures-25-years-since-srebrenica-genocide<\/a><\/p>\n<p>57. Ron Haviv (photographer), 1992, \u201cCapturing the Image of Ethnic Cleansing in Bosnia\u201d, Balkan Transatlantic Justice, <a href=\"https:\/\/balkaninsight.com\/2017\/01\/23\/capturing-the-image-of-ethnic-cleansing-in-bosnia-01-19-2017\/\">https:\/\/balkaninsight.com\/2017\/01\/23\/capturing-the-image-of-ethnic-cleansing-in-bosnia-01-19-2017\/<\/a><\/p>\n<p>58. \u201cBOSNIA-HERZEGOVINA. 2000. BOSNIA. 2000. Sanski Most village, northwestern Bosnia. September 25th. European Union monitors and Bosnian investigators identified six mass graves in northwestern Bosnia containing the bodies of approximately 240 Bosnian Muslims, suspected victims of &#8220;ethnic cleansing&#8221; by Serbian forces. Identification process.\u201d https:\/\/library.artstor.org\/#\/asset\/AMAGNUMIG_10311549568<\/p>\n<p>59. \u201cFROM THE FIELD: A Genocide Timeline; Srebrenica Massacre Remembered\u201d, <a href=\"https:\/\/news.un.org\/en\/story\/2021\/07\/1096092\">https:\/\/news.un.org\/en\/story\/2021\/07\/1096092<\/a><\/p>\n<p>60. Amel Emric (photographer), \u201cIn Pictures: 25 Years since Srebrenica\u201d, https:\/\/www.aljazeera.com\/gallery\/2020\/7\/11\/in-pictures-25-years-since-srebrenica-genocide<\/p>\n<p>61. \u201cBosnia&#8217;s Srebrenica Massacre 25 years On &#8211; In Pictures\u201d, <a href=\"https:\/\/www.bbc.com\/news\/world-europe-53346759\">https:\/\/www.bbc.com\/news\/world-europe-53346759<\/a><\/p>\n<p>62. Mark Milstein (photographer), \u201c\u200b\u200bSrebrenica massacre\u201d, Encyclop\u00e6dia Britannica, <a href=\"https:\/\/www.britannica.com\/event\/Bosnian-War#\/media\/1\/1365562\/224455\">https:\/\/www.britannica.com\/event\/Bosnian-War#\/media\/1\/1365562\/224455<\/a><\/p>\n<p>63. \u201cBosnia\u2019s Mladic orchestrated Europe\u2019s worst atrocities since World War Two\u201d, <a href=\"https:\/\/www.reuters.com\/world\/europe\/bosnias-mladic-orchestrated-europes-worst-atrocities-since-world-war-two-2021-06-08\/\">https:\/\/www.reuters.com\/world\/europe\/bosnias-mladic-orchestrated-europes-worst-atrocities-since-world-war-two-2021-06-08\/<\/a><\/p>\n<p>64. \u201cBOSNIA. Srebrenica. 1996. Grave at Pilice collective farm near Srebrenica.\u201d, 1996, <a href=\"https:\/\/library.artstor.org\/#\/asset\/AMAGNUMIG_10311520657\">https:\/\/library.artstor.org\/#\/asset\/AMAGNUMIG_10311520657<\/a><\/p>\n<p>&nbsp;<\/p>\n","protected":false},"excerpt":{"rendered":"<p>This photo gallery is representative of some of the images from the war, war crimes, and genocide in Bosnia and are not intended to be exhaustive. Our hope is that they help to tell the story visually. Because we are conscious of trying to avoid triggering further trauma, we have organized this page in a [&hellip;]<\/p>\n","protected":false},"author":1133,"featured_media":0,"parent":109,"menu_order":0,"comment_status":"closed","ping_status":"closed","template":"template-fullwidth.php","meta":{"footnotes":""},"class_list":["post-124","page","type-page","status-publish","hentry","post-preview"],"_links":{"self":[{"href":"https:\/\/blogs.dickinson.edu\/bosniansincarlisle\/wp-json\/wp\/v2\/pages\/124","targetHints":{"allow":["GET"]}}],"collection":[{"href":"https:\/\/blogs.dickinson.edu\/bosniansincarlisle\/wp-json\/wp\/v2\/pages"}],"about":[{"href":"https:\/\/blogs.dickinson.edu\/bosniansincarlisle\/wp-json\/wp\/v2\/types\/page"}],"author":[{"embeddable":true,"href":"https:\/\/blogs.dickinson.edu\/bosniansincarlisle\/wp-json\/wp\/v2\/users\/1133"}],"replies":[{"embeddable":true,"href":"https:\/\/blogs.dickinson.edu\/bosniansincarlisle\/wp-json\/wp\/v2\/comments?post=124"}],"version-history":[{"count":0,"href":"https:\/\/blogs.dickinson.edu\/bosniansincarlisle\/wp-json\/wp\/v2\/pages\/124\/revisions"}],"up":[{"embeddable":true,"href":"https:\/\/blogs.dickinson.edu\/bosniansincarlisle\/wp-json\/wp\/v2\/pages\/109"}],"wp:attachment":[{"href":"https:\/\/blogs.dickinson.edu\/bosniansincarlisle\/wp-json\/wp\/v2\/media?parent=124"}],"curies":[{"name":"wp","href":"https:\/\/api.w.org\/{rel}","templated":true}]}}